{"id":2551,"date":"2015-09-21T09:25:19","date_gmt":"2015-09-21T08:25:19","guid":{"rendered":"http:\/\/eaudemelisse.com\/de\/?page_id=2551"},"modified":"2018-04-12T09:54:39","modified_gmt":"2018-04-12T08:54:39","slug":"anfaenge","status":"publish","type":"page","link":"https:\/\/eaudemelisse.com\/de\/geschichte\/anfaenge\/","title":{"rendered":"Anf\u00e4nge"},"content":{"rendered":"<section class=\"wpb-content-wrapper\">[vc_row fullwidth=&#8220;false&#8220; attached=&#8220;false&#8220; padding=&#8220;0&#8243; el_class=&#8220;origines&#8220;][vc_column border_color=&#8220;&#8220; visibility=&#8220;&#8220; width=&#8220;1\/1&#8243;][vc_column_text responsive_align=&#8220;center&#8220;]\n<h2 style=\"text-align: center;\">Eau de M\u00e9lisse<br \/>\ndes Carmes Boyer<\/h2>\n<h2 style=\"text-align: center;\"><img loading=\"lazy\" decoding=\"async\" class=\"aligncenter wp-image-2559 size-full\" src=\"http:\/\/eaudemelisse.com\/wp-content\/uploads\/2015\/09\/ALL-depuis-copie.jpg\" width=\"69\" height=\"69\" \/><\/h2>\n<p style=\"text-align: center;\">Die Geschichte unseres Hauses begann 1611 in Paris mit dem Orden der Unbeschuhten Karmeliten, die ihr Kloster mit Unterst\u00fctzung der toskanischen Erbprinzessin und K\u00f6nigin von Frankreich, Maria von Medici, in der Rue de Vaugirad Nr. 70 errichteten.<\/p>\n<p style=\"text-align: center;\">Sie begannen dort unter gr\u00f6\u00dfter Geheimhaltung mit der Herstellung eines ber\u00fchmten Elixiers aus Heilpflanzen und Gew\u00fcrzen, das als Karmeliterwasser oder \u201eEau de M\u00e9lisse des Carmes\u201c bekannt wurde.<\/p>\n<p style=\"text-align: center;\">Nach den Unbeschuhten Kameliten setzte die Familie Boyer 1838 die Herstellung dieser alten Rezeptur \u00fcber sieben Generationen fort.<\/p>\n<p style=\"text-align: center;\">Seit 400 Jahren geben wir dieses Wissen zu diesem handwerklich hergestellten Produkt, dieses unwandelbare Erbe, dieses St\u00fcck Pariser Geschichte, das unersch\u00fctterlich die Franz\u00f6sische Revolution, Kriege und Krisen \u00fcberdauerte, an die n\u00e4chste Generation weiter.<\/p>\n<p style=\"text-align: center;\">Das ber\u00fchmte Karmeliterwasser \u201eEau de M\u00e9lisse des Carmes Boyer\u201c ist kr\u00e4ftigend und belebend und ideal gegen Verdauungsst\u00f6rungen, M\u00fcdigkeit und Reise\u00fcbelkeit. Es vereint in sich die Kraft von vierzehn Heilpflanzen und neun Gew\u00fcrzen.<\/p>\n<p style=\"text-align: center;\">Es handelt sich um das \u00e4lteste Produkt, das in der Apotheke erh\u00e4ltlich ist. Es ist ein reines Naturprodukt und wird ausschlie\u00dflich und immer noch in Handarbeit bei Eau de M\u00e9lisse des Carmes Boyer hergestellt.<\/p>\n<p>&nbsp;<\/p>\n<p style=\"text-align: left;\"><img loading=\"lazy\" decoding=\"async\" class=\"aligncenter wp-image-2839 size-full\" src=\"http:\/\/eaudemelisse.com\/wp-content\/uploads\/2015\/09\/ALL-indications-copie.jpg\" width=\"447\" height=\"92\" srcset=\"https:\/\/eaudemelisse.com\/wp-content\/uploads\/2015\/09\/ALL-indications-copie.jpg 447w, https:\/\/eaudemelisse.com\/wp-content\/uploads\/2015\/09\/ALL-indications-copie-300x62.jpg 300w\" sizes=\"auto, (max-width: 447px) 100vw, 447px\" \/><\/p>\n<p style=\"text-align: center;\">Eau de M\u00e9lisse des Carmes Boyer wurde oft kopiert, ohne jemals die Qualit\u00e4t des Originals zu erreichen, denn es sch\u00f6pft seine Kraft und seinen Geschmack aus der Natur.<\/p>\n<p style=\"text-align: center;\">Eau de M\u00e9lisse des Carmes Boyer erhielt das Qualit\u00e4tslabel \u201eEntreprise du Patrimoine Vivant\u201c f\u00fcr Unternehmen, die alte Traditionen bewahren.<\/p>\n<p>&nbsp;<\/p>\n<p style=\"text-align: center;\"><a href=\"http:\/\/www.patrimoine-vivant.com\/fr\/showcompany\/5127\"><img loading=\"lazy\" decoding=\"async\" class=\"alignnone wp-image-733 \" src=\"http:\/\/eaudemelisse.com\/wp-content\/uploads\/2015\/10\/epv.png\" alt=\"epv\" width=\"47\" height=\"47\" srcset=\"https:\/\/eaudemelisse.com\/wp-content\/uploads\/2015\/10\/epv.png 38w, https:\/\/eaudemelisse.com\/wp-content\/uploads\/2015\/10\/epv-300x300.png 300w, https:\/\/eaudemelisse.com\/wp-content\/uploads\/2015\/10\/epv-1024x1024.png 1024w, https:\/\/eaudemelisse.com\/wp-content\/uploads\/2015\/10\/epv-150x150.png 150w, https:\/\/eaudemelisse.com\/wp-content\/uploads\/2015\/10\/epv-768x768.png 768w, https:\/\/eaudemelisse.com\/wp-content\/uploads\/2015\/10\/epv-1536x1536.png 1536w, https:\/\/eaudemelisse.com\/wp-content\/uploads\/2015\/10\/epv-2048x2048.png 2048w, https:\/\/eaudemelisse.com\/wp-content\/uploads\/2015\/10\/epv-600x600.png 600w, https:\/\/eaudemelisse.com\/wp-content\/uploads\/2015\/10\/epv-100x100.png 100w\" sizes=\"auto, (max-width: 47px) 100vw, 47px\" \/><\/a><\/p>\n[\/vc_column_text][\/vc_column][\/vc_row]\n<\/section>","protected":false},"excerpt":{"rendered":"<p>[vc_row fullwidth=&#8220;false&#8220; attached=&#8220;false&#8220; padding=&#8220;0&#8243; el_class=&#8220;origines&#8220;][vc_column border_color=&#8220;&#8220; visibility=&#8220;&#8220; width=&#8220;1\/1&#8243;][vc_column_text responsive_align=&#8220;center&#8220;] Eau de M\u00e9lisse des Carmes Boyer Die Geschichte unseres Hauses begann 1611 in Paris mit dem Orden der Unbeschuhten Karmeliten, die ihr Kloster mit Unterst\u00fctzung der toskanischen Erbprinzessin und K\u00f6nigin von Frankreich, Maria von Medici, in der Rue de Vaugirad Nr. 70 errichteten. Sie begannen dort [&hellip;]<\/p>\n","protected":false},"author":261,"featured_media":0,"parent":2542,"menu_order":0,"comment_status":"closed","ping_status":"closed","template":"","meta":{"footnotes":""},"class_list":["post-2551","page","type-page","status-publish","hentry"],"aioseo_notices":[],"_links":{"self":[{"href":"https:\/\/eaudemelisse.com\/de\/wp-json\/wp\/v2\/pages\/2551","targetHints":{"allow":["GET"]}}],"collection":[{"href":"https:\/\/eaudemelisse.com\/de\/wp-json\/wp\/v2\/pages"}],"about":[{"href":"https:\/\/eaudemelisse.com\/de\/wp-json\/wp\/v2\/types\/page"}],"author":[{"embeddable":true,"href":"https:\/\/eaudemelisse.com\/de\/wp-json\/wp\/v2\/users\/261"}],"replies":[{"embeddable":true,"href":"https:\/\/eaudemelisse.com\/de\/wp-json\/wp\/v2\/comments?post=2551"}],"version-history":[{"count":0,"href":"https:\/\/eaudemelisse.com\/de\/wp-json\/wp\/v2\/pages\/2551\/revisions"}],"up":[{"embeddable":true,"href":"https:\/\/eaudemelisse.com\/de\/wp-json\/wp\/v2\/pages\/2542"}],"wp:attachment":[{"href":"https:\/\/eaudemelisse.com\/de\/wp-json\/wp\/v2\/media?parent=2551"}],"curies":[{"name":"wp","href":"https:\/\/api.w.org\/{rel}","templated":true}]}}